{"id":1367,"date":"2017-06-28T17:52:07","date_gmt":"2017-06-28T15:52:07","guid":{"rendered":"http:\/\/www.tonimartinmedic.com\/blog\/"},"modified":"2017-07-20T17:18:09","modified_gmt":"2017-07-20T15:18:09","slug":"blog","status":"publish","type":"page","link":"https:\/\/www.tonimartinmedic.com\/ca\/blog\/","title":{"rendered":"Blog"},"content":{"rendered":"<div class=\"fusion-fullwidth fullwidth-box fusion-builder-row-1 hundred-percent-fullwidth non-hundred-percent-height-scrolling\"  style='background-color: rgba(255,255,255,0);background-position: center center;background-repeat: no-repeat;padding-top:0px;padding-right:40px;padding-bottom:0px;padding-left:40px;'><div class=\"fusion-builder-row fusion-row \"><div  class=\"fusion-layout-column fusion_builder_column fusion_builder_column_1_1 fusion-builder-column-0 fusion-one-full fusion-column-first fusion-column-last fusion-column-no-min-height 1_1\"  style='margin-top:0px;margin-bottom:0px;'><div class=\"fusion-column-wrapper\" style=\"background-position:left top;background-repeat:no-repeat;-webkit-background-size:cover;-moz-background-size:cover;-o-background-size:cover;background-size:cover;\"   data-bg-url=\"\"><div class=\"fusion-blog-shortcode fusion-blog-shortcode-1 fusion-blog-archive fusion-blog-layout-grid-wrapper fusion-blog-infinite\"><style type=\"text\/css\">.fusion-blog-shortcode-1 .fusion-blog-layout-grid .fusion-post-grid{padding:13px;}.fusion-blog-shortcode-1 .fusion-posts-container{margin-left: -13px !important; margin-right:-13px !important;}<\/style><div class=\"fusion-posts-container fusion-posts-container-infinite fusion-blog-rollover fusion-blog-layout-grid fusion-blog-layout-grid-3 isotope\" data-pages=\"2\" data-grid-col-space=\"26\" style=\"margin: -13px -13px 0;min-height:500px;\"><article id=\"blog-1-post-2772\" class=\"fusion-post-grid post-2772 post type-post status-publish format-standard has-post-thumbnail hentry category-mindfulness-ca category-pensament\">\n<div class=\"fusion-post-wrapper\" style=\"background-color:rgba(255,255,255,1);border:1px solid #ebeaea;border-bottom-width:3px;\">\n\n\t\t\t<div class=\"fusion-flexslider flexslider fusion-flexslider-loading fusion-post-slideshow\" style=\"border-color:#ebeaea;\">\n\t\t<ul class=\"slides\">\n\t\t\t\n\t\t\t\t\t\t\t\t\t\t\t\t\t\t<li>\n\n<div  class=\"fusion-image-wrapper\" aria-haspopup=\"true\">\n\t\n\t\n\t\t\n\t\t\t\t\t<img loading=\"lazy\" decoding=\"async\" width=\"1500\" height=\"693\" src=\"https:\/\/www.tonimartinmedic.com\/wp-content\/uploads\/2020\/06\/shutterstock_133901621-scaled-e1592469854256.jpg\" class=\"attachment-full size-full wp-post-image\" alt=\"\" srcset=\"https:\/\/www.tonimartinmedic.com\/wp-content\/uploads\/2020\/06\/shutterstock_133901621-scaled-e1592469854256-200x92.jpg 200w, https:\/\/www.tonimartinmedic.com\/wp-content\/uploads\/2020\/06\/shutterstock_133901621-scaled-e1592469854256-400x185.jpg 400w, https:\/\/www.tonimartinmedic.com\/wp-content\/uploads\/2020\/06\/shutterstock_133901621-scaled-e1592469854256-600x277.jpg 600w, https:\/\/www.tonimartinmedic.com\/wp-content\/uploads\/2020\/06\/shutterstock_133901621-scaled-e1592469854256-800x370.jpg 800w, https:\/\/www.tonimartinmedic.com\/wp-content\/uploads\/2020\/06\/shutterstock_133901621-scaled-e1592469854256-1200x554.jpg 1200w, https:\/\/www.tonimartinmedic.com\/wp-content\/uploads\/2020\/06\/shutterstock_133901621-scaled-e1592469854256.jpg 1500w\" sizes=\"(min-width: 2200px) 100vw, (min-width: 824px) 373px, (min-width: 732px) 559px, (min-width: 640px) 732px, \" \/>\n\t\n\n\t\t<div class=\"fusion-rollover\">\n\t<div class=\"fusion-rollover-content\">\n\n\t\t\t\t\t\t\t\t\t\t\t\t\t\t<a class=\"fusion-rollover-link\" href=\"https:\/\/www.tonimartinmedic.com\/ca\/de-la-perfeccio-i-la-felicitat\/\">De la perfecci\u00f3 i la felicitat&#8230;<\/a>\n\t\t\t\n\t\t\t\t\t\t\t\t\t\t\t\t\t\t\n\t\t\t\t\t\t\t\t\n\t\t\t\t\t\t\t\t\t\t\t\t\t<div class=\"fusion-rollover-sep\"><\/div>\n\t\t\t\t\n\t\t\t\t\t\t\t\t\t\t\t\t\t\t\t\t\t\t<a class=\"fusion-rollover-gallery\" href=\"https:\/\/www.tonimartinmedic.com\/wp-content\/uploads\/2020\/06\/shutterstock_133901621-scaled-e1592469854256.jpg\" data-id=\"2772\" data-rel=\"iLightbox[gallery]\" data-title=\"shutterstock_133901621\" data-caption=\"\">\n\t\t\t\t\t\tGallery\t\t\t\t\t<\/a>\n\t\t\t\t\t\t\t\t\t\t\t\t\t\t\n\t\t\t\t\n\t\t\t\t\t\t\t\t\n\t\t\t\t\t\t\t\t\n\t\t\n\t\t\t\t<a class=\"fusion-link-wrapper\" href=\"https:\/\/www.tonimartinmedic.com\/ca\/de-la-perfeccio-i-la-felicitat\/\" aria-label=\"De la perfecci\u00f3 i la felicitat&#8230;\"><\/a>\n\t<\/div>\n<\/div>\n\n\t\n<\/div>\n<\/li>\n\t\t\t\n\t\t\t\n\t\t\t\t\t\t\t\t\t\t\t\t\t\t\t\t\t\t\t\t\t\t\t\t\t\t\t\t\t\t\t\t\t\t\t\t\t\t\t\t\t\t\t\t\t\t\t\t\t\t\t\t\t\t\t\t\t\t\t\t\t\t\t\t\t\t\t\t<\/ul>\n\t<\/div>\n\t<div class=\"fusion-post-content-wrapper\" style=\"padding:30px 25px 25px 25px;\"><div class=\"fusion-post-content post-content\"><h2 class=\"blog-shortcode-post-title entry-title\"><a href=\"https:\/\/www.tonimartinmedic.com\/ca\/de-la-perfeccio-i-la-felicitat\/\">De la perfecci\u00f3 i la felicitat&#8230;<\/a><\/h2><p class=\"fusion-single-line-meta\">By <span class=\"vcard\"><span class=\"fn\"><a href=\"https:\/\/www.tonimartinmedic.com\/ca\/author\/root\/\" title=\"Entrades de root\" rel=\"author\">root<\/a><\/span><\/span><span class=\"fusion-inline-sep\">|<\/span><span class=\"updated\" style=\"display:none;\">2020-06-20T10:57:54+02:00<\/span><span>juny 18th, 2020<\/span><span class=\"fusion-inline-sep\">|<\/span><a href=\"https:\/\/www.tonimartinmedic.com\/ca\/category\/mindfulness-ca\/\" rel=\"category tag\">Mindfulness<\/a>, <a href=\"https:\/\/www.tonimartinmedic.com\/ca\/category\/pensament\/\" rel=\"category tag\">Pensament<\/a><span class=\"fusion-inline-sep\">|<\/span><\/p><div class=\"fusion-content-sep sep-double sep-solid\" style=\"border-color:#e2e2e2;\"><\/div><div class=\"fusion-post-content-container\"><p>UFFF!! DOS ANYS QUE NO FEIA CAP NOVA ENTRADA EN EL BLOC!!! Ja ho veieu, no s\u00f3c una persona disciplinada... Aquesta constataci\u00f3, que tant em va fer [...]<\/p><\/div><\/div><div class=\"fusion-meta-info\"><div class=\"fusion-alignleft\"><a class=\"fusion-read-more\" href=\"https:\/\/www.tonimartinmedic.com\/ca\/de-la-perfeccio-i-la-felicitat\/\">Read More<\/a><\/div><div class=\"fusion-alignright\"><a href=\"https:\/\/www.tonimartinmedic.com\/ca\/de-la-perfeccio-i-la-felicitat\/#respond\"><i class=\"fusion-icon-bubbles\"><\/i>&nbsp;0<\/a><\/div><\/div><\/div><div class=\"fusion-clearfix\"><\/div><\/div>\n<\/article>\n<article id=\"blog-1-post-2678\" class=\"fusion-post-grid post-2678 post type-post status-publish format-standard has-post-thumbnail hentry category-mindfulness-ca tag-atencio-plena tag-mindfulness-ca tag-moment-present\">\n<div class=\"fusion-post-wrapper\" style=\"background-color:rgba(255,255,255,1);border:1px solid #ebeaea;border-bottom-width:3px;\">\n\n\t\t\t<div class=\"fusion-flexslider flexslider fusion-flexslider-loading fusion-post-slideshow\" style=\"border-color:#ebeaea;\">\n\t\t<ul class=\"slides\">\n\t\t\t\n\t\t\t\t\t\t\t\t\t\t\t\t\t\t<li>\n\n<div  class=\"fusion-image-wrapper\" aria-haspopup=\"true\">\n\t\n\t\n\t\t\n\t\t\t\t\t<img loading=\"lazy\" decoding=\"async\" width=\"1268\" height=\"565\" src=\"https:\/\/www.tonimartinmedic.com\/wp-content\/uploads\/2018\/03\/giratiempo-2816270_1280.jpg\" class=\"attachment-full size-full wp-post-image\" alt=\"\" srcset=\"https:\/\/www.tonimartinmedic.com\/wp-content\/uploads\/2018\/03\/giratiempo-2816270_1280-200x89.jpg 200w, https:\/\/www.tonimartinmedic.com\/wp-content\/uploads\/2018\/03\/giratiempo-2816270_1280-400x178.jpg 400w, https:\/\/www.tonimartinmedic.com\/wp-content\/uploads\/2018\/03\/giratiempo-2816270_1280-600x267.jpg 600w, https:\/\/www.tonimartinmedic.com\/wp-content\/uploads\/2018\/03\/giratiempo-2816270_1280-800x356.jpg 800w, https:\/\/www.tonimartinmedic.com\/wp-content\/uploads\/2018\/03\/giratiempo-2816270_1280-1200x535.jpg 1200w, https:\/\/www.tonimartinmedic.com\/wp-content\/uploads\/2018\/03\/giratiempo-2816270_1280.jpg 1268w\" sizes=\"(min-width: 2200px) 100vw, (min-width: 824px) 373px, (min-width: 732px) 559px, (min-width: 640px) 732px, \" \/>\n\t\n\n\t\t<div class=\"fusion-rollover\">\n\t<div class=\"fusion-rollover-content\">\n\n\t\t\t\t\t\t\t\t\t\t\t\t\t\t<a class=\"fusion-rollover-link\" href=\"https:\/\/www.tonimartinmedic.com\/ca\/hi-ha-algu-interessat-en-el-present\/\">Hi ha alg\u00fa interessat en el present??<\/a>\n\t\t\t\n\t\t\t\t\t\t\t\t\t\t\t\t\t\t\n\t\t\t\t\t\t\t\t\n\t\t\t\t\t\t\t\t\t\t\t\t\t<div class=\"fusion-rollover-sep\"><\/div>\n\t\t\t\t\n\t\t\t\t\t\t\t\t\t\t\t\t\t\t\t\t\t\t<a class=\"fusion-rollover-gallery\" href=\"https:\/\/www.tonimartinmedic.com\/wp-content\/uploads\/2018\/03\/giratiempo-2816270_1280.jpg\" data-id=\"2678\" data-rel=\"iLightbox[gallery]\" data-title=\"giratiempo-2816270_1280\" data-caption=\"\">\n\t\t\t\t\t\tGallery\t\t\t\t\t<\/a>\n\t\t\t\t\t\t\t\t\t\t\t\t\t\t\n\t\t\t\t\n\t\t\t\t\t\t\t\t\n\t\t\t\t\t\t\t\t\n\t\t\n\t\t\t\t<a class=\"fusion-link-wrapper\" href=\"https:\/\/www.tonimartinmedic.com\/ca\/hi-ha-algu-interessat-en-el-present\/\" aria-label=\"Hi ha alg\u00fa interessat en el present??\"><\/a>\n\t<\/div>\n<\/div>\n\n\t\n<\/div>\n<\/li>\n\t\t\t\n\t\t\t\n\t\t\t\t\t\t\t\t\t\t\t\t\t\t\t\t\t\t\t\t\t\t\t\t\t\t\t\t\t\t\t\t\t\t\t\t\t\t\t\t\t\t\t\t\t\t\t\t\t\t\t\t\t\t\t\t\t\t\t\t\t\t\t\t\t\t\t\t<\/ul>\n\t<\/div>\n\t<div class=\"fusion-post-content-wrapper\" style=\"padding:30px 25px 25px 25px;\"><div class=\"fusion-post-content post-content\"><h2 class=\"blog-shortcode-post-title entry-title\"><a href=\"https:\/\/www.tonimartinmedic.com\/ca\/hi-ha-algu-interessat-en-el-present\/\">Hi ha alg\u00fa interessat en el present??<\/a><\/h2><p class=\"fusion-single-line-meta\">By <span class=\"vcard\"><span class=\"fn\"><a href=\"https:\/\/www.tonimartinmedic.com\/ca\/author\/root\/\" title=\"Entrades de root\" rel=\"author\">root<\/a><\/span><\/span><span class=\"fusion-inline-sep\">|<\/span><span class=\"updated\" style=\"display:none;\">2018-03-27T10:42:22+02:00<\/span><span>mar\u00e7 26th, 2018<\/span><span class=\"fusion-inline-sep\">|<\/span><a href=\"https:\/\/www.tonimartinmedic.com\/ca\/category\/mindfulness-ca\/\" rel=\"category tag\">Mindfulness<\/a><span class=\"fusion-inline-sep\">|<\/span><\/p><div class=\"fusion-content-sep sep-double sep-solid\" style=\"border-color:#e2e2e2;\"><\/div><div class=\"fusion-post-content-container\"><p>\"Espai dodecaedre\" \u00e9s un local prop de la Pl. de les Gl\u00f2ries a Barcelona, dirigit per l'excel\u00b7lent persona Maria Martinez, que ofereix tallers de diferents metodologies, tots [...]<\/p><\/div><\/div><div class=\"fusion-meta-info\"><div class=\"fusion-alignleft\"><a class=\"fusion-read-more\" href=\"https:\/\/www.tonimartinmedic.com\/ca\/hi-ha-algu-interessat-en-el-present\/\">Read More<\/a><\/div><div class=\"fusion-alignright\"><a href=\"https:\/\/www.tonimartinmedic.com\/ca\/hi-ha-algu-interessat-en-el-present\/#respond\"><i class=\"fusion-icon-bubbles\"><\/i>&nbsp;0<\/a><\/div><\/div><\/div><div class=\"fusion-clearfix\"><\/div><\/div>\n<\/article>\n<article id=\"blog-1-post-2366\" class=\"fusion-post-grid post-2366 post type-post status-publish format-standard has-post-thumbnail hentry category-pensament tag-felicitat tag-reflexio\">\n<div class=\"fusion-post-wrapper\" style=\"background-color:rgba(255,255,255,1);border:1px solid #ebeaea;border-bottom-width:3px;\">\n\n\t\t\t<div class=\"fusion-flexslider flexslider fusion-flexslider-loading fusion-post-slideshow\" style=\"border-color:#ebeaea;\">\n\t\t<ul class=\"slides\">\n\t\t\t\n\t\t\t\t\t\t\t\t\t\t\t\t\t\t<li>\n\n<div  class=\"fusion-image-wrapper\" aria-haspopup=\"true\">\n\t\n\t\n\t\t\n\t\t\t\t\t<img loading=\"lazy\" decoding=\"async\" width=\"800\" height=\"301\" src=\"https:\/\/www.tonimartinmedic.com\/wp-content\/uploads\/2017\/10\/shutterstock_597525575-copia.jpg\" class=\"attachment-full size-full wp-post-image\" alt=\"\" srcset=\"https:\/\/www.tonimartinmedic.com\/wp-content\/uploads\/2017\/10\/shutterstock_597525575-copia-200x75.jpg 200w, https:\/\/www.tonimartinmedic.com\/wp-content\/uploads\/2017\/10\/shutterstock_597525575-copia-400x151.jpg 400w, https:\/\/www.tonimartinmedic.com\/wp-content\/uploads\/2017\/10\/shutterstock_597525575-copia-600x226.jpg 600w, https:\/\/www.tonimartinmedic.com\/wp-content\/uploads\/2017\/10\/shutterstock_597525575-copia.jpg 800w\" sizes=\"(min-width: 2200px) 100vw, (min-width: 824px) 373px, (min-width: 732px) 559px, (min-width: 640px) 732px, \" \/>\n\t\n\n\t\t<div class=\"fusion-rollover\">\n\t<div class=\"fusion-rollover-content\">\n\n\t\t\t\t\t\t\t\t\t\t\t\t\t\t<a class=\"fusion-rollover-link\" href=\"https:\/\/www.tonimartinmedic.com\/ca\/per-ser-felic-brossa-dixit\/\">Per ser feli\u00e7&#8230; (Brossa dixit)<\/a>\n\t\t\t\n\t\t\t\t\t\t\t\t\t\t\t\t\t\t\n\t\t\t\t\t\t\t\t\n\t\t\t\t\t\t\t\t\t\t\t\t\t<div class=\"fusion-rollover-sep\"><\/div>\n\t\t\t\t\n\t\t\t\t\t\t\t\t\t\t\t\t\t\t\t\t\t\t<a class=\"fusion-rollover-gallery\" href=\"https:\/\/www.tonimartinmedic.com\/wp-content\/uploads\/2017\/10\/shutterstock_597525575-copia.jpg\" data-id=\"2366\" data-rel=\"iLightbox[gallery]\" data-title=\"shutterstock_597525575 copia\" data-caption=\"\">\n\t\t\t\t\t\tGallery\t\t\t\t\t<\/a>\n\t\t\t\t\t\t\t\t\t\t\t\t\t\t\n\t\t\t\t\n\t\t\t\t\t\t\t\t\n\t\t\t\t\t\t\t\t\n\t\t\n\t\t\t\t<a class=\"fusion-link-wrapper\" href=\"https:\/\/www.tonimartinmedic.com\/ca\/per-ser-felic-brossa-dixit\/\" aria-label=\"Per ser feli\u00e7&#8230; (Brossa dixit)\"><\/a>\n\t<\/div>\n<\/div>\n\n\t\n<\/div>\n<\/li>\n\t\t\t\n\t\t\t\n\t\t\t\t\t\t\t\t\t\t\t\t\t\t\t\t\t\t\t\t\t\t\t\t\t\t\t\t\t\t\t\t\t\t\t\t\t\t\t\t\t\t\t\t\t\t\t\t\t\t\t\t\t\t\t\t\t\t\t\t\t\t\t\t\t\t\t\t<\/ul>\n\t<\/div>\n\t<div class=\"fusion-post-content-wrapper\" style=\"padding:30px 25px 25px 25px;\"><div class=\"fusion-post-content post-content\"><h2 class=\"blog-shortcode-post-title entry-title\"><a href=\"https:\/\/www.tonimartinmedic.com\/ca\/per-ser-felic-brossa-dixit\/\">Per ser feli\u00e7&#8230; (Brossa dixit)<\/a><\/h2><p class=\"fusion-single-line-meta\">By <span class=\"vcard\"><span class=\"fn\"><a href=\"https:\/\/www.tonimartinmedic.com\/ca\/author\/root\/\" title=\"Entrades de root\" rel=\"author\">root<\/a><\/span><\/span><span class=\"fusion-inline-sep\">|<\/span><span class=\"updated\" style=\"display:none;\">2018-03-27T10:48:15+02:00<\/span><span>gener 2nd, 2018<\/span><span class=\"fusion-inline-sep\">|<\/span><a href=\"https:\/\/www.tonimartinmedic.com\/ca\/category\/pensament\/\" rel=\"category tag\">Pensament<\/a><span class=\"fusion-inline-sep\">|<\/span><\/p><div class=\"fusion-content-sep sep-double sep-solid\" style=\"border-color:#e2e2e2;\"><\/div><div class=\"fusion-post-content-container\"><p>M'agraden els aforismes, aquestes sent\u00e8ncies que pretenen reduir en poques paraules conceptes dif\u00edcils d'expressar. Tinc especial predilecci\u00f3 pels aforismes que fan refer\u00e8ncia a la felicitat. Com aconseguir [...]<\/p><\/div><\/div><div class=\"fusion-meta-info\"><div class=\"fusion-alignleft\"><a class=\"fusion-read-more\" href=\"https:\/\/www.tonimartinmedic.com\/ca\/per-ser-felic-brossa-dixit\/\">Read More<\/a><\/div><div class=\"fusion-alignright\"><a href=\"https:\/\/www.tonimartinmedic.com\/ca\/per-ser-felic-brossa-dixit\/#respond\"><i class=\"fusion-icon-bubbles\"><\/i>&nbsp;0<\/a><\/div><\/div><\/div><div class=\"fusion-clearfix\"><\/div><\/div>\n<\/article>\n<article id=\"blog-1-post-2309\" class=\"fusion-post-grid post-2309 post type-post status-publish format-standard has-post-thumbnail hentry category-terapia-de-parella-ca tag-parella tag-societat tag-terapia-de-parella\">\n<div class=\"fusion-post-wrapper\" style=\"background-color:rgba(255,255,255,1);border:1px solid #ebeaea;border-bottom-width:3px;\">\n\n\t\t\t<div class=\"fusion-flexslider flexslider fusion-flexslider-loading fusion-post-slideshow\" style=\"border-color:#ebeaea;\">\n\t\t<ul class=\"slides\">\n\t\t\t\n\t\t\t\t\t\t\t\t\t\t\t\t\t\t<li>\n\n<div  class=\"fusion-image-wrapper\" aria-haspopup=\"true\">\n\t\n\t\n\t\t\n\t\t\t\t\t<img loading=\"lazy\" decoding=\"async\" width=\"1916\" height=\"626\" src=\"https:\/\/www.tonimartinmedic.com\/wp-content\/uploads\/2017\/10\/broken-heart-2318143_1920-1.jpg\" class=\"attachment-full size-full wp-post-image\" alt=\"\" srcset=\"https:\/\/www.tonimartinmedic.com\/wp-content\/uploads\/2017\/10\/broken-heart-2318143_1920-1-200x65.jpg 200w, https:\/\/www.tonimartinmedic.com\/wp-content\/uploads\/2017\/10\/broken-heart-2318143_1920-1-400x131.jpg 400w, https:\/\/www.tonimartinmedic.com\/wp-content\/uploads\/2017\/10\/broken-heart-2318143_1920-1-600x196.jpg 600w, https:\/\/www.tonimartinmedic.com\/wp-content\/uploads\/2017\/10\/broken-heart-2318143_1920-1-800x261.jpg 800w, https:\/\/www.tonimartinmedic.com\/wp-content\/uploads\/2017\/10\/broken-heart-2318143_1920-1-1200x392.jpg 1200w, https:\/\/www.tonimartinmedic.com\/wp-content\/uploads\/2017\/10\/broken-heart-2318143_1920-1.jpg 1916w\" sizes=\"(min-width: 2200px) 100vw, (min-width: 824px) 373px, (min-width: 732px) 559px, (min-width: 640px) 732px, \" \/>\n\t\n\n\t\t<div class=\"fusion-rollover\">\n\t<div class=\"fusion-rollover-content\">\n\n\t\t\t\t\t\t\t\t\t\t\t\t\t\t<a class=\"fusion-rollover-link\" href=\"https:\/\/www.tonimartinmedic.com\/ca\/terapia-de-parella-el-dialeg-sense-empatia\/\">Ter\u00e0pia de parella? El di\u00e0leg sense empatia?<\/a>\n\t\t\t\n\t\t\t\t\t\t\t\t\t\t\t\t\t\t\n\t\t\t\t\t\t\t\t\n\t\t\t\t\t\t\t\t\t\t\t\t\t<div class=\"fusion-rollover-sep\"><\/div>\n\t\t\t\t\n\t\t\t\t\t\t\t\t\t\t\t\t\t\t\t\t\t\t<a class=\"fusion-rollover-gallery\" href=\"https:\/\/www.tonimartinmedic.com\/wp-content\/uploads\/2017\/10\/broken-heart-2318143_1920-1.jpg\" data-id=\"2309\" data-rel=\"iLightbox[gallery]\" data-title=\"broken-heart-2318143_1920\" data-caption=\"\">\n\t\t\t\t\t\tGallery\t\t\t\t\t<\/a>\n\t\t\t\t\t\t\t\t\t\t\t\t\t\t\n\t\t\t\t\n\t\t\t\t\t\t\t\t\n\t\t\t\t\t\t\t\t\n\t\t\n\t\t\t\t<a class=\"fusion-link-wrapper\" href=\"https:\/\/www.tonimartinmedic.com\/ca\/terapia-de-parella-el-dialeg-sense-empatia\/\" aria-label=\"Ter\u00e0pia de parella? El di\u00e0leg sense empatia?\"><\/a>\n\t<\/div>\n<\/div>\n\n\t\n<\/div>\n<\/li>\n\t\t\t\n\t\t\t\n\t\t\t\t\t\t\t\t\t\t\t\t\t\t\t\t\t\t\t\t\t\t\t\t\t\t\t\t\t\t\t\t\t\t\t\t\t\t\t\t\t\t\t\t\t\t\t\t\t\t\t\t\t\t\t\t\t\t\t\t\t\t\t\t\t\t\t\t<\/ul>\n\t<\/div>\n\t<div class=\"fusion-post-content-wrapper\" style=\"padding:30px 25px 25px 25px;\"><div class=\"fusion-post-content post-content\"><h2 class=\"blog-shortcode-post-title entry-title\"><a href=\"https:\/\/www.tonimartinmedic.com\/ca\/terapia-de-parella-el-dialeg-sense-empatia\/\">Ter\u00e0pia de parella? El di\u00e0leg sense empatia?<\/a><\/h2><p class=\"fusion-single-line-meta\">By <span class=\"vcard\"><span class=\"fn\"><a href=\"https:\/\/www.tonimartinmedic.com\/ca\/author\/root\/\" title=\"Entrades de root\" rel=\"author\">root<\/a><\/span><\/span><span class=\"fusion-inline-sep\">|<\/span><span class=\"updated\" style=\"display:none;\">2018-03-27T10:51:17+02:00<\/span><span>octubre 2nd, 2017<\/span><span class=\"fusion-inline-sep\">|<\/span><a href=\"https:\/\/www.tonimartinmedic.com\/ca\/category\/terapia-de-parella-ca\/\" rel=\"category tag\">Ter\u00e0pia de parella<\/a><span class=\"fusion-inline-sep\">|<\/span><\/p><div class=\"fusion-content-sep sep-double sep-solid\" style=\"border-color:#e2e2e2;\"><\/div><div class=\"fusion-post-content-container\"><p>Utilitzo la categoria de \"Ter\u00e0pia de parella\" del meu bloc per parlar d'un tema\u00a0del qual\u00a0crec que \u00e9s inevitable fer una\u00a0refer\u00e8ncia, ja que dissortadament forma part de la [...]<\/p><\/div><\/div><div class=\"fusion-meta-info\"><div class=\"fusion-alignleft\"><a class=\"fusion-read-more\" href=\"https:\/\/www.tonimartinmedic.com\/ca\/terapia-de-parella-el-dialeg-sense-empatia\/\">Read More<\/a><\/div><div class=\"fusion-alignright\"><a href=\"https:\/\/www.tonimartinmedic.com\/ca\/terapia-de-parella-el-dialeg-sense-empatia\/#respond\"><i class=\"fusion-icon-bubbles\"><\/i>&nbsp;0<\/a><\/div><\/div><\/div><div class=\"fusion-clearfix\"><\/div><\/div>\n<\/article>\n<article id=\"blog-1-post-2125\" class=\"fusion-post-grid post-2125 post type-post status-publish format-standard has-post-thumbnail hentry category-trastorns-psicosomatics-ca tag-microbiota-intestinal tag-reaccions-emocionals\">\n<div class=\"fusion-post-wrapper\" style=\"background-color:rgba(255,255,255,1);border:1px solid #ebeaea;border-bottom-width:3px;\">\n\n\t\t\t<div class=\"fusion-flexslider flexslider fusion-flexslider-loading fusion-post-slideshow\" style=\"border-color:#ebeaea;\">\n\t\t<ul class=\"slides\">\n\t\t\t\n\t\t\t\t\t\t\t\t\t\t\t\t\t\t<li>\n\n<div  class=\"fusion-image-wrapper\" aria-haspopup=\"true\">\n\t\n\t\n\t\t\n\t\t\t\t\t<img loading=\"lazy\" decoding=\"async\" width=\"2126\" height=\"804\" src=\"https:\/\/www.tonimartinmedic.com\/wp-content\/uploads\/2017\/09\/shutterstock_639806734.jpg\" class=\"attachment-full size-full wp-post-image\" alt=\"\" srcset=\"https:\/\/www.tonimartinmedic.com\/wp-content\/uploads\/2017\/09\/shutterstock_639806734-200x76.jpg 200w, https:\/\/www.tonimartinmedic.com\/wp-content\/uploads\/2017\/09\/shutterstock_639806734-400x151.jpg 400w, https:\/\/www.tonimartinmedic.com\/wp-content\/uploads\/2017\/09\/shutterstock_639806734-600x227.jpg 600w, https:\/\/www.tonimartinmedic.com\/wp-content\/uploads\/2017\/09\/shutterstock_639806734-800x303.jpg 800w, https:\/\/www.tonimartinmedic.com\/wp-content\/uploads\/2017\/09\/shutterstock_639806734-1200x454.jpg 1200w, https:\/\/www.tonimartinmedic.com\/wp-content\/uploads\/2017\/09\/shutterstock_639806734.jpg 2126w\" sizes=\"(min-width: 2200px) 100vw, (min-width: 824px) 373px, (min-width: 732px) 559px, (min-width: 640px) 732px, \" \/>\n\t\n\n\t\t<div class=\"fusion-rollover\">\n\t<div class=\"fusion-rollover-content\">\n\n\t\t\t\t\t\t\t\t\t\t\t\t\t\t<a class=\"fusion-rollover-link\" href=\"https:\/\/www.tonimartinmedic.com\/ca\/hi-ha-relacio-entre-la-microbiota-intestinal-duna-persona-i-les-seves-reaccions-emocionals\/\">Hi ha relaci\u00f3 entre la microbiota intestinal d\u2019una persona i les seves reaccions emocionals?<\/a>\n\t\t\t\n\t\t\t\t\t\t\t\t\t\t\t\t\t\t\n\t\t\t\t\t\t\t\t\n\t\t\t\t\t\t\t\t\t\t\t\t\t<div class=\"fusion-rollover-sep\"><\/div>\n\t\t\t\t\n\t\t\t\t\t\t\t\t\t\t\t\t\t\t\t\t\t\t<a class=\"fusion-rollover-gallery\" href=\"https:\/\/www.tonimartinmedic.com\/wp-content\/uploads\/2017\/09\/shutterstock_639806734.jpg\" data-id=\"2125\" data-rel=\"iLightbox[gallery]\" data-title=\"shutterstock_639806734\" data-caption=\"\">\n\t\t\t\t\t\tGallery\t\t\t\t\t<\/a>\n\t\t\t\t\t\t\t\t\t\t\t\t\t\t\n\t\t\t\t\n\t\t\t\t\t\t\t\t\n\t\t\t\t\t\t\t\t\n\t\t\n\t\t\t\t<a class=\"fusion-link-wrapper\" href=\"https:\/\/www.tonimartinmedic.com\/ca\/hi-ha-relacio-entre-la-microbiota-intestinal-duna-persona-i-les-seves-reaccions-emocionals\/\" aria-label=\"Hi ha relaci\u00f3 entre la microbiota intestinal d\u2019una persona i les seves reaccions emocionals?\"><\/a>\n\t<\/div>\n<\/div>\n\n\t\n<\/div>\n<\/li>\n\t\t\t\n\t\t\t\n\t\t\t\t\t\t\t\t\t\t\t\t\t\t\t\t\t\t\t\t\t\t\t\t\t\t\t\t\t\t\t\t\t\t\t\t\t\t\t\t\t\t\t\t\t\t\t\t\t\t\t\t\t\t\t\t\t\t\t\t\t\t\t\t\t\t\t\t<\/ul>\n\t<\/div>\n\t<div class=\"fusion-post-content-wrapper\" style=\"padding:30px 25px 25px 25px;\"><div class=\"fusion-post-content post-content\"><h2 class=\"blog-shortcode-post-title entry-title\"><a href=\"https:\/\/www.tonimartinmedic.com\/ca\/hi-ha-relacio-entre-la-microbiota-intestinal-duna-persona-i-les-seves-reaccions-emocionals\/\">Hi ha relaci\u00f3 entre la microbiota intestinal d\u2019una persona i les seves reaccions emocionals?<\/a><\/h2><p class=\"fusion-single-line-meta\">By <span class=\"vcard\"><span class=\"fn\"><a href=\"https:\/\/www.tonimartinmedic.com\/ca\/author\/root\/\" title=\"Entrades de root\" rel=\"author\">root<\/a><\/span><\/span><span class=\"fusion-inline-sep\">|<\/span><span class=\"updated\" style=\"display:none;\">2017-09-20T18:59:00+02:00<\/span><span>setembre 16th, 2017<\/span><span class=\"fusion-inline-sep\">|<\/span><a href=\"https:\/\/www.tonimartinmedic.com\/ca\/category\/trastorns-psicosomatics-ca\/\" rel=\"category tag\">Trastorns psicosom\u00e0tics<\/a><span class=\"fusion-inline-sep\">|<\/span><\/p><div class=\"fusion-content-sep sep-double sep-solid\" style=\"border-color:#e2e2e2;\"><\/div><div class=\"fusion-post-content-container\"><p>\u00a0 Quan jo estudiava medicina en deien \u201cflora intestinal\u201d, per\u00f2 des de fa unes d\u00e8cades s\u2019utilitza el concepte m\u00e9s ampli de \u201cmicrobiota intestinal\u201d. I ja no \u00e9s [...]<\/p><\/div><\/div><div class=\"fusion-meta-info\"><div class=\"fusion-alignleft\"><a class=\"fusion-read-more\" href=\"https:\/\/www.tonimartinmedic.com\/ca\/hi-ha-relacio-entre-la-microbiota-intestinal-duna-persona-i-les-seves-reaccions-emocionals\/\">Read More<\/a><\/div><div class=\"fusion-alignright\"><a href=\"https:\/\/www.tonimartinmedic.com\/ca\/hi-ha-relacio-entre-la-microbiota-intestinal-duna-persona-i-les-seves-reaccions-emocionals\/#respond\"><i class=\"fusion-icon-bubbles\"><\/i>&nbsp;0<\/a><\/div><\/div><\/div><div class=\"fusion-clearfix\"><\/div><\/div>\n<\/article>\n<article id=\"blog-1-post-2068\" class=\"fusion-post-grid post-2068 post type-post status-publish format-standard has-post-thumbnail hentry category-mindfulness-ca\">\n<div class=\"fusion-post-wrapper\" style=\"background-color:rgba(255,255,255,1);border:1px solid #ebeaea;border-bottom-width:3px;\">\n\n\t\t\t<div class=\"fusion-flexslider flexslider fusion-flexslider-loading fusion-post-slideshow\" style=\"border-color:#ebeaea;\">\n\t\t<ul class=\"slides\">\n\t\t\t\n\t\t\t\t\t\t\t\t\t\t\t\t\t\t<li>\n\n<div  class=\"fusion-image-wrapper\" aria-haspopup=\"true\">\n\t\n\t\n\t\t\n\t\t\t\t\t<img loading=\"lazy\" decoding=\"async\" width=\"490\" height=\"250\" src=\"https:\/\/www.tonimartinmedic.com\/wp-content\/uploads\/2017\/08\/casa-santa-elena-solius-5.jpg\" class=\"attachment-full size-full wp-post-image\" alt=\"\" srcset=\"https:\/\/www.tonimartinmedic.com\/wp-content\/uploads\/2017\/08\/casa-santa-elena-solius-5-200x102.jpg 200w, https:\/\/www.tonimartinmedic.com\/wp-content\/uploads\/2017\/08\/casa-santa-elena-solius-5-400x204.jpg 400w, https:\/\/www.tonimartinmedic.com\/wp-content\/uploads\/2017\/08\/casa-santa-elena-solius-5.jpg 490w\" sizes=\"(min-width: 2200px) 100vw, (min-width: 824px) 373px, (min-width: 732px) 559px, (min-width: 640px) 732px, \" \/>\n\t\n\n\t\t<div class=\"fusion-rollover\">\n\t<div class=\"fusion-rollover-content\">\n\n\t\t\t\t\t\t\t\t\t\t\t\t\t\t<a class=\"fusion-rollover-link\" href=\"https:\/\/www.tonimartinmedic.com\/ca\/mi-experiencia-mindfulness-en-el-mes-de-agosto\/\">La meva experiencia &#8216;mindfulness&#8217; a l&#8217;agost: Mindfulness i dolor f\u00edsic.<\/a>\n\t\t\t\n\t\t\t\t\t\t\t\t\t\t\t\t\t\t\n\t\t\t\t\t\t\t\t\n\t\t\t\t\t\t\t\t\t\t\t\t\t<div class=\"fusion-rollover-sep\"><\/div>\n\t\t\t\t\n\t\t\t\t\t\t\t\t\t\t\t\t\t\t\t\t\t\t<a class=\"fusion-rollover-gallery\" href=\"https:\/\/www.tonimartinmedic.com\/wp-content\/uploads\/2017\/08\/casa-santa-elena-solius-5.jpg\" data-id=\"2068\" data-rel=\"iLightbox[gallery]\" data-title=\"casa-santa-elena-solius-5\" data-caption=\"\">\n\t\t\t\t\t\tGallery\t\t\t\t\t<\/a>\n\t\t\t\t\t\t\t\t\t\t\t\t\t\t\n\t\t\t\t\n\t\t\t\t\t\t\t\t\n\t\t\t\t\t\t\t\t\n\t\t\n\t\t\t\t<a class=\"fusion-link-wrapper\" href=\"https:\/\/www.tonimartinmedic.com\/ca\/mi-experiencia-mindfulness-en-el-mes-de-agosto\/\" aria-label=\"La meva experiencia &#8216;mindfulness&#8217; a l&#8217;agost: Mindfulness i dolor f\u00edsic.\"><\/a>\n\t<\/div>\n<\/div>\n\n\t\n<\/div>\n<\/li>\n\t\t\t\n\t\t\t\n\t\t\t\t\t\t\t\t\t\t\t\t\t\t\t\t\t\t\t\t\t\t\t\t\t\t\t\t\t\t\t\t\t\t\t\t\t\t\t\t\t\t\t\t\t\t\t\t\t\t\t\t\t\t\t\t\t\t\t\t\t\t\t\t\t\t\t\t<\/ul>\n\t<\/div>\n\t<div class=\"fusion-post-content-wrapper\" style=\"padding:30px 25px 25px 25px;\"><div class=\"fusion-post-content post-content\"><h2 class=\"blog-shortcode-post-title entry-title\"><a href=\"https:\/\/www.tonimartinmedic.com\/ca\/mi-experiencia-mindfulness-en-el-mes-de-agosto\/\">La meva experiencia &#8216;mindfulness&#8217; a l&#8217;agost: Mindfulness i dolor f\u00edsic.<\/a><\/h2><p class=\"fusion-single-line-meta\">By <span class=\"vcard\"><span class=\"fn\"><a href=\"https:\/\/www.tonimartinmedic.com\/ca\/author\/root\/\" title=\"Entrades de root\" rel=\"author\">root<\/a><\/span><\/span><span class=\"fusion-inline-sep\">|<\/span><span class=\"updated\" style=\"display:none;\">2018-03-27T11:48:45+02:00<\/span><span>agost 31st, 2017<\/span><span class=\"fusion-inline-sep\">|<\/span><a href=\"https:\/\/www.tonimartinmedic.com\/ca\/category\/mindfulness-ca\/\" rel=\"category tag\">Mindfulness<\/a><span class=\"fusion-inline-sep\">|<\/span><\/p><div class=\"fusion-content-sep sep-double sep-solid\" style=\"border-color:#e2e2e2;\"><\/div><div class=\"fusion-post-content-container\"><p>La setmana del 21 al 27 d'agost vaig fer un retir de 'mindfulness' a Solius organitzat per l'institut esmindfulness\u00a0i dirigit per\u00a0Andr\u00e9s\u00a0Mart\u00edn\u00a0i Sylvia\u00a0Comas. Forma part de la formaci\u00f3 [...]<\/p><\/div><\/div><div class=\"fusion-meta-info\"><div class=\"fusion-alignleft\"><a class=\"fusion-read-more\" href=\"https:\/\/www.tonimartinmedic.com\/ca\/mi-experiencia-mindfulness-en-el-mes-de-agosto\/\">Read More<\/a><\/div><div class=\"fusion-alignright\"><a href=\"https:\/\/www.tonimartinmedic.com\/ca\/mi-experiencia-mindfulness-en-el-mes-de-agosto\/#respond\"><i class=\"fusion-icon-bubbles\"><\/i>&nbsp;0<\/a><\/div><\/div><\/div><div class=\"fusion-clearfix\"><\/div><\/div>\n<\/article>\n<article id=\"blog-1-post-1911\" class=\"fusion-post-grid post-1911 post type-post status-publish format-standard has-post-thumbnail hentry category-medicina-general-ca tag-reduccio-de-lestres\">\n<div class=\"fusion-post-wrapper\" style=\"background-color:rgba(255,255,255,1);border:1px solid #ebeaea;border-bottom-width:3px;\">\n\n\t\t\t<div class=\"fusion-flexslider flexslider fusion-flexslider-loading fusion-post-slideshow\" style=\"border-color:#ebeaea;\">\n\t\t<ul class=\"slides\">\n\t\t\t\n\t\t\t\t\t\t\t\t\t\t\t\t\t\t<li>\n\n<div  class=\"fusion-image-wrapper\" aria-haspopup=\"true\">\n\t\n\t\n\t\t\n\t\t\t\t\t<img loading=\"lazy\" decoding=\"async\" width=\"640\" height=\"360\" src=\"https:\/\/www.tonimartinmedic.com\/wp-content\/uploads\/2017\/08\/bike-1836934_640.jpg\" class=\"attachment-full size-full wp-post-image\" alt=\"\" srcset=\"https:\/\/www.tonimartinmedic.com\/wp-content\/uploads\/2017\/08\/bike-1836934_640-200x113.jpg 200w, https:\/\/www.tonimartinmedic.com\/wp-content\/uploads\/2017\/08\/bike-1836934_640-400x225.jpg 400w, https:\/\/www.tonimartinmedic.com\/wp-content\/uploads\/2017\/08\/bike-1836934_640-600x338.jpg 600w, https:\/\/www.tonimartinmedic.com\/wp-content\/uploads\/2017\/08\/bike-1836934_640.jpg 640w\" sizes=\"(min-width: 2200px) 100vw, (min-width: 824px) 373px, (min-width: 732px) 559px, (min-width: 640px) 732px, \" \/>\n\t\n\n\t\t<div class=\"fusion-rollover\">\n\t<div class=\"fusion-rollover-content\">\n\n\t\t\t\t\t\t\t\t\t\t\t\t\t\t<a class=\"fusion-rollover-link\" href=\"https:\/\/www.tonimartinmedic.com\/ca\/les-persones-que-van-amb-bicicleta-al-treball-tenen-menys-risc-de-patir-estres\/\">Les persones que van amb bicicleta al treball tenen menys risc de patir estr\u00e8s.<\/a>\n\t\t\t\n\t\t\t\t\t\t\t\t\t\t\t\t\t\t\n\t\t\t\t\t\t\t\t\n\t\t\t\t\t\t\t\t\t\t\t\t\t<div class=\"fusion-rollover-sep\"><\/div>\n\t\t\t\t\n\t\t\t\t\t\t\t\t\t\t\t\t\t\t\t\t\t\t<a class=\"fusion-rollover-gallery\" href=\"https:\/\/www.tonimartinmedic.com\/wp-content\/uploads\/2017\/08\/bike-1836934_640.jpg\" data-id=\"1911\" data-rel=\"iLightbox[gallery]\" data-title=\"bike-1836934_640\" data-caption=\"\">\n\t\t\t\t\t\tGallery\t\t\t\t\t<\/a>\n\t\t\t\t\t\t\t\t\t\t\t\t\t\t\n\t\t\t\t\n\t\t\t\t\t\t\t\t\n\t\t\t\t\t\t\t\t\n\t\t\n\t\t\t\t<a class=\"fusion-link-wrapper\" href=\"https:\/\/www.tonimartinmedic.com\/ca\/les-persones-que-van-amb-bicicleta-al-treball-tenen-menys-risc-de-patir-estres\/\" aria-label=\"Les persones que van amb bicicleta al treball tenen menys risc de patir estr\u00e8s.\"><\/a>\n\t<\/div>\n<\/div>\n\n\t\n<\/div>\n<\/li>\n\t\t\t\n\t\t\t\n\t\t\t\t\t\t\t\t\t\t\t\t\t\t\t\t\t\t\t\t\t\t\t\t\t\t\t\t\t\t\t\t\t\t\t\t\t\t\t\t\t\t\t\t\t\t\t\t\t\t\t\t\t\t\t\t\t\t\t\t\t\t\t\t\t\t\t\t<\/ul>\n\t<\/div>\n\t<div class=\"fusion-post-content-wrapper\" style=\"padding:30px 25px 25px 25px;\"><div class=\"fusion-post-content post-content\"><h2 class=\"blog-shortcode-post-title entry-title\"><a href=\"https:\/\/www.tonimartinmedic.com\/ca\/les-persones-que-van-amb-bicicleta-al-treball-tenen-menys-risc-de-patir-estres\/\">Les persones que van amb bicicleta al treball tenen menys risc de patir estr\u00e8s.<\/a><\/h2><p class=\"fusion-single-line-meta\">By <span class=\"vcard\"><span class=\"fn\"><a href=\"https:\/\/www.tonimartinmedic.com\/ca\/author\/root\/\" title=\"Entrades de root\" rel=\"author\">root<\/a><\/span><\/span><span class=\"fusion-inline-sep\">|<\/span><span class=\"updated\" style=\"display:none;\">2017-08-06T19:33:43+02:00<\/span><span>agost 6th, 2017<\/span><span class=\"fusion-inline-sep\">|<\/span><a href=\"https:\/\/www.tonimartinmedic.com\/ca\/category\/medicina-general-ca\/\" rel=\"category tag\">Medicina general<\/a><span class=\"fusion-inline-sep\">|<\/span><\/p><div class=\"fusion-content-sep sep-double sep-solid\" style=\"border-color:#e2e2e2;\"><\/div><div class=\"fusion-post-content-container\"><p>Un nou estudi de l'Institut de Salut Global de Barcelona (ISGlobal), centre impulsat per l'Obra Social La Caixa, i que s'ha publicat en la revista\u00a0BMJ\u00a0Open (*), constata [...]<\/p><\/div><\/div><div class=\"fusion-meta-info\"><div class=\"fusion-alignleft\"><a class=\"fusion-read-more\" href=\"https:\/\/www.tonimartinmedic.com\/ca\/les-persones-que-van-amb-bicicleta-al-treball-tenen-menys-risc-de-patir-estres\/\">Read More<\/a><\/div><div class=\"fusion-alignright\"><a href=\"https:\/\/www.tonimartinmedic.com\/ca\/les-persones-que-van-amb-bicicleta-al-treball-tenen-menys-risc-de-patir-estres\/#respond\"><i class=\"fusion-icon-bubbles\"><\/i>&nbsp;0<\/a><\/div><\/div><\/div><div class=\"fusion-clearfix\"><\/div><\/div>\n<\/article>\n<article id=\"blog-1-post-1491\" class=\"fusion-post-grid post-1491 post type-post status-publish format-standard has-post-thumbnail hentry category-osteopatia-i-reeducacio-postural-ca tag-cervicalgia-ca tag-inestabilitat tag-reeducacio-postural\">\n<div class=\"fusion-post-wrapper\" style=\"background-color:rgba(255,255,255,1);border:1px solid #ebeaea;border-bottom-width:3px;\">\n\n\t\t\t<div class=\"fusion-flexslider flexslider fusion-flexslider-loading fusion-post-slideshow\" style=\"border-color:#ebeaea;\">\n\t\t<ul class=\"slides\">\n\t\t\t\n\t\t\t\t\t\t\t\t\t\t\t\t\t\t<li>\n\n<div  class=\"fusion-image-wrapper\" aria-haspopup=\"true\">\n\t\n\t\n\t\t\n\t\t\t\t\t<img loading=\"lazy\" decoding=\"async\" width=\"1275\" height=\"478\" src=\"https:\/\/www.tonimartinmedic.com\/wp-content\/uploads\/2017\/07\/7Messi-G.jpg\" class=\"attachment-full size-full wp-post-image\" alt=\"\" srcset=\"https:\/\/www.tonimartinmedic.com\/wp-content\/uploads\/2017\/07\/7Messi-G-200x75.jpg 200w, https:\/\/www.tonimartinmedic.com\/wp-content\/uploads\/2017\/07\/7Messi-G-400x150.jpg 400w, https:\/\/www.tonimartinmedic.com\/wp-content\/uploads\/2017\/07\/7Messi-G-600x225.jpg 600w, https:\/\/www.tonimartinmedic.com\/wp-content\/uploads\/2017\/07\/7Messi-G-800x300.jpg 800w, https:\/\/www.tonimartinmedic.com\/wp-content\/uploads\/2017\/07\/7Messi-G-1200x450.jpg 1200w, https:\/\/www.tonimartinmedic.com\/wp-content\/uploads\/2017\/07\/7Messi-G.jpg 1275w\" sizes=\"(min-width: 2200px) 100vw, (min-width: 824px) 373px, (min-width: 732px) 559px, (min-width: 640px) 732px, \" \/>\n\t\n\n\t\t<div class=\"fusion-rollover\">\n\t<div class=\"fusion-rollover-content\">\n\n\t\t\t\t\t\t\t\t\t\t\t\t\t\t<a class=\"fusion-rollover-link\" href=\"https:\/\/www.tonimartinmedic.com\/ca\/mesurant-laltura-de-messi\/\">Mesurant l&#8217;altura de Messi<\/a>\n\t\t\t\n\t\t\t\t\t\t\t\t\t\t\t\t\t\t\n\t\t\t\t\t\t\t\t\n\t\t\t\t\t\t\t\t\t\t\t\t\t<div class=\"fusion-rollover-sep\"><\/div>\n\t\t\t\t\n\t\t\t\t\t\t\t\t\t\t\t\t\t\t\t\t\t\t<a class=\"fusion-rollover-gallery\" href=\"https:\/\/www.tonimartinmedic.com\/wp-content\/uploads\/2017\/07\/7Messi-G.jpg\" data-id=\"1491\" data-rel=\"iLightbox[gallery]\" data-title=\"7Messi G\" data-caption=\"\">\n\t\t\t\t\t\tGallery\t\t\t\t\t<\/a>\n\t\t\t\t\t\t\t\t\t\t\t\t\t\t\n\t\t\t\t\n\t\t\t\t\t\t\t\t\n\t\t\t\t\t\t\t\t\n\t\t\n\t\t\t\t<a class=\"fusion-link-wrapper\" href=\"https:\/\/www.tonimartinmedic.com\/ca\/mesurant-laltura-de-messi\/\" aria-label=\"Mesurant l&#8217;altura de Messi\"><\/a>\n\t<\/div>\n<\/div>\n\n\t\n<\/div>\n<\/li>\n\t\t\t\n\t\t\t\n\t\t\t\t\t\t\t\t\t\t\t\t\t\t\t\t\t\t\t\t\t\t\t\t\t\t\t\t\t\t\t\t\t\t\t\t\t\t\t\t\t\t\t\t\t\t\t\t\t\t\t\t\t\t\t\t\t\t\t\t\t\t\t\t\t\t\t\t<\/ul>\n\t<\/div>\n\t<div class=\"fusion-post-content-wrapper\" style=\"padding:30px 25px 25px 25px;\"><div class=\"fusion-post-content post-content\"><h2 class=\"blog-shortcode-post-title entry-title\"><a href=\"https:\/\/www.tonimartinmedic.com\/ca\/mesurant-laltura-de-messi\/\">Mesurant l&#8217;altura de Messi<\/a><\/h2><p class=\"fusion-single-line-meta\">By <span class=\"vcard\"><span class=\"fn\"><a href=\"https:\/\/www.tonimartinmedic.com\/ca\/author\/root\/\" title=\"Entrades de root\" rel=\"author\">root<\/a><\/span><\/span><span class=\"fusion-inline-sep\">|<\/span><span class=\"updated\" style=\"display:none;\">2017-07-24T17:25:58+02:00<\/span><span>juliol 15th, 2017<\/span><span class=\"fusion-inline-sep\">|<\/span><a href=\"https:\/\/www.tonimartinmedic.com\/ca\/category\/osteopatia-i-reeducacio-postural-ca\/\" rel=\"category tag\">Osteopatia i reeducaci\u00f3 postural<\/a><span class=\"fusion-inline-sep\">|<\/span><\/p><div class=\"fusion-content-sep sep-double sep-solid\" style=\"border-color:#e2e2e2;\"><\/div><div class=\"fusion-post-content-container\"><p>Ahir, 14 de juliol, veient el Telenoticies (Tv3) vaig captar unes imatges per atzar del moment en el qual a Messi li feien la revisi\u00f3 m\u00e8dica habitual [...]<\/p><\/div><\/div><div class=\"fusion-meta-info\"><div class=\"fusion-alignleft\"><a class=\"fusion-read-more\" href=\"https:\/\/www.tonimartinmedic.com\/ca\/mesurant-laltura-de-messi\/\">Read More<\/a><\/div><div class=\"fusion-alignright\"><a href=\"https:\/\/www.tonimartinmedic.com\/ca\/mesurant-laltura-de-messi\/#respond\"><i class=\"fusion-icon-bubbles\"><\/i>&nbsp;0<\/a><\/div><\/div><\/div><div class=\"fusion-clearfix\"><\/div><\/div>\n<\/article>\n<article id=\"blog-1-post-1548\" class=\"fusion-post-grid post-1548 post type-post status-publish format-standard has-post-thumbnail hentry category-medicina-general-ca tag-antidepressius tag-malestar-emocional-ca tag-medicaments\">\n<div class=\"fusion-post-wrapper\" style=\"background-color:rgba(255,255,255,1);border:1px solid #ebeaea;border-bottom-width:3px;\">\n\n\t\t\t<div class=\"fusion-flexslider flexslider fusion-flexslider-loading fusion-post-slideshow\" style=\"border-color:#ebeaea;\">\n\t\t<ul class=\"slides\">\n\t\t\t\n\t\t\t\t\t\t\t\t\t\t\t\t\t\t<li>\n\n<div  class=\"fusion-image-wrapper\" aria-haspopup=\"true\">\n\t\n\t\n\t\t\n\t\t\t\t\t<img loading=\"lazy\" decoding=\"async\" width=\"1126\" height=\"418\" src=\"https:\/\/www.tonimartinmedic.com\/wp-content\/uploads\/2017\/07\/farmacos-01.jpg\" class=\"attachment-full size-full wp-post-image\" alt=\"\" srcset=\"https:\/\/www.tonimartinmedic.com\/wp-content\/uploads\/2017\/07\/farmacos-01-200x74.jpg 200w, https:\/\/www.tonimartinmedic.com\/wp-content\/uploads\/2017\/07\/farmacos-01-400x148.jpg 400w, https:\/\/www.tonimartinmedic.com\/wp-content\/uploads\/2017\/07\/farmacos-01-600x223.jpg 600w, https:\/\/www.tonimartinmedic.com\/wp-content\/uploads\/2017\/07\/farmacos-01-800x297.jpg 800w, https:\/\/www.tonimartinmedic.com\/wp-content\/uploads\/2017\/07\/farmacos-01.jpg 1126w\" sizes=\"(min-width: 2200px) 100vw, (min-width: 824px) 373px, (min-width: 732px) 559px, (min-width: 640px) 732px, \" \/>\n\t\n\n\t\t<div class=\"fusion-rollover\">\n\t<div class=\"fusion-rollover-content\">\n\n\t\t\t\t\t\t\t\t\t\t\t\t\t\t<a class=\"fusion-rollover-link\" href=\"https:\/\/www.tonimartinmedic.com\/ca\/1548\/\">El risc de medicalitzar la vida quotidiana<\/a>\n\t\t\t\n\t\t\t\t\t\t\t\t\t\t\t\t\t\t\n\t\t\t\t\t\t\t\t\n\t\t\t\t\t\t\t\t\t\t\t\t\t<div class=\"fusion-rollover-sep\"><\/div>\n\t\t\t\t\n\t\t\t\t\t\t\t\t\t\t\t\t\t\t\t\t\t\t<a class=\"fusion-rollover-gallery\" href=\"https:\/\/www.tonimartinmedic.com\/wp-content\/uploads\/2017\/07\/farmacos-01.jpg\" data-id=\"1548\" data-rel=\"iLightbox[gallery]\" data-title=\"farmacos 01\" data-caption=\"\">\n\t\t\t\t\t\tGallery\t\t\t\t\t<\/a>\n\t\t\t\t\t\t\t\t\t\t\t\t\t\t\n\t\t\t\t\n\t\t\t\t\t\t\t\t\n\t\t\t\t\t\t\t\t\n\t\t\n\t\t\t\t<a class=\"fusion-link-wrapper\" href=\"https:\/\/www.tonimartinmedic.com\/ca\/1548\/\" aria-label=\"El risc de medicalitzar la vida quotidiana\"><\/a>\n\t<\/div>\n<\/div>\n\n\t\n<\/div>\n<\/li>\n\t\t\t\n\t\t\t\n\t\t\t\t\t\t\t\t\t\t\t\t\t\t\t\t\t\t\t\t\t\t\t\t\t\t\t\t\t\t\t\t\t\t\t\t\t\t\t\t\t\t\t\t\t\t\t\t\t\t\t\t\t\t\t\t\t\t\t\t\t\t\t\t\t\t\t\t<\/ul>\n\t<\/div>\n\t<div class=\"fusion-post-content-wrapper\" style=\"padding:30px 25px 25px 25px;\"><div class=\"fusion-post-content post-content\"><h2 class=\"blog-shortcode-post-title entry-title\"><a href=\"https:\/\/www.tonimartinmedic.com\/ca\/1548\/\">El risc de medicalitzar la vida quotidiana<\/a><\/h2><p class=\"fusion-single-line-meta\">By <span class=\"vcard\"><span class=\"fn\"><a href=\"https:\/\/www.tonimartinmedic.com\/ca\/author\/root\/\" title=\"Entrades de root\" rel=\"author\">root<\/a><\/span><\/span><span class=\"fusion-inline-sep\">|<\/span><span class=\"updated\" style=\"display:none;\">2017-07-24T17:29:52+02:00<\/span><span>juliol 10th, 2017<\/span><span class=\"fusion-inline-sep\">|<\/span><a href=\"https:\/\/www.tonimartinmedic.com\/ca\/category\/medicina-general-ca\/\" rel=\"category tag\">Medicina general<\/a><span class=\"fusion-inline-sep\">|<\/span><\/p><div class=\"fusion-content-sep sep-double sep-solid\" style=\"border-color:#e2e2e2;\"><\/div><div class=\"fusion-post-content-container\"><p>Fa uns dies un amic em va enviar un link de youtube\u00a0https:\/\/youtu.be\/yJspKpgOe7U.\u00a0\u00a0\u00a0Era del programa \"Retrats\" de TV3 i entrevistaven al Jorge L. Tiz\u00f3n. El t\u00edtol era \"Empastillados\".\u00a0Hi [...]<\/p><\/div><\/div><div class=\"fusion-meta-info\"><div class=\"fusion-alignleft\"><a class=\"fusion-read-more\" href=\"https:\/\/www.tonimartinmedic.com\/ca\/1548\/\">Read More<\/a><\/div><div class=\"fusion-alignright\"><a href=\"https:\/\/www.tonimartinmedic.com\/ca\/1548\/#respond\"><i class=\"fusion-icon-bubbles\"><\/i>&nbsp;0<\/a><\/div><\/div><\/div><div class=\"fusion-clearfix\"><\/div><\/div>\n<\/article>\n<div class=\"fusion-clearfix\"><\/div><\/div><div class=\"fusion-infinite-scroll-trigger\"><\/div><div class=\"pagination infinite-scroll clearfix\" style=\"display:none;\"><span class=\"current\">1<\/span><a href=\"https:\/\/www.tonimartinmedic.com\/ca\/wp-json\/wp\/v2\/pages\/1367\/page\/2\/\" class=\"inactive\">2<\/a><a class=\"pagination-next\" href=\"https:\/\/www.tonimartinmedic.com\/ca\/wp-json\/wp\/v2\/pages\/1367\/page\/2\/\"><span class=\"page-text\">Next<\/span><span class=\"page-next\"><\/span><\/a><\/div><div class=\"fusion-clearfix\"><\/div><\/div><div class=\"fusion-clearfix\"><\/div><\/div><\/div><\/div><\/div>\n","protected":false},"excerpt":{"rendered":"","protected":false},"author":1,"featured_media":0,"parent":0,"menu_order":0,"comment_status":"closed","ping_status":"closed","template":"100-width.php","meta":{"footnotes":""},"_links":{"self":[{"href":"https:\/\/www.tonimartinmedic.com\/ca\/wp-json\/wp\/v2\/pages\/1367"}],"collection":[{"href":"https:\/\/www.tonimartinmedic.com\/ca\/wp-json\/wp\/v2\/pages"}],"about":[{"href":"https:\/\/www.tonimartinmedic.com\/ca\/wp-json\/wp\/v2\/types\/page"}],"author":[{"embeddable":true,"href":"https:\/\/www.tonimartinmedic.com\/ca\/wp-json\/wp\/v2\/users\/1"}],"replies":[{"embeddable":true,"href":"https:\/\/www.tonimartinmedic.com\/ca\/wp-json\/wp\/v2\/comments?post=1367"}],"version-history":[{"count":4,"href":"https:\/\/www.tonimartinmedic.com\/ca\/wp-json\/wp\/v2\/pages\/1367\/revisions"}],"predecessor-version":[{"id":1371,"href":"https:\/\/www.tonimartinmedic.com\/ca\/wp-json\/wp\/v2\/pages\/1367\/revisions\/1371"}],"wp:attachment":[{"href":"https:\/\/www.tonimartinmedic.com\/ca\/wp-json\/wp\/v2\/media?parent=1367"}],"curies":[{"name":"wp","href":"https:\/\/api.w.org\/{rel}","templated":true}]}}